{"id":2639,"date":"2022-12-28T11:12:34","date_gmt":"2022-12-28T11:12:34","guid":{"rendered":"http:\/\/santaceciliadelgrao.com\/?page_id=2639"},"modified":"2022-12-28T11:12:35","modified_gmt":"2022-12-28T11:12:35","slug":"2639-2","status":"publish","type":"page","link":"http:\/\/santaceciliadelgrao.com\/?page_id=2639","title":{"rendered":""},"content":{"rendered":"\n<p><strong>Isabel Barea Gil&nbsp;<\/strong><\/p>\n\n\n\n<p><em>Profesora de Piano\u00a0<\/em><\/p>\n\n\n\n<p class=\"has-text-align-left\"><\/p>\n\n\n\n<div class=\"wp-block-media-text alignwide is-stacked-on-mobile\" style=\"grid-template-columns:23% auto\"><figure class=\"wp-block-media-text__media\"><img loading=\"lazy\" decoding=\"async\" width=\"111\" height=\"159\" src=\"http:\/\/santaceciliadelgrao.com\/wp-content\/uploads\/2022\/11\/Isabel-Barea.png\" alt=\"\" class=\"wp-image-2512 size-full\"\/><\/figure><div class=\"wp-block-media-text__content\">\n<p>Inicia sus estudios en la Escuela de M\u00fasica Uni\u00f3 Art\u00edstica M\u00fasical de Vilamarxant, y contin\u00faa las ense\u00f1anzas profesionales en el Conservatorio de Riba-Roja del T\u00faria, al tiempo que se grad\u00faa por la Universidad de Val\u00e8ncia en el grado de Estudios Hisp\u00e1nicos. Actualmente se encuentra cursando el \u00faltimo curso del conservatorio superior en la especialidad de Interpretaci\u00f3n Pian\u00edstica en Alicante.&nbsp;<\/p>\n\n\n\n<p>Durante este tiempo, realiza clases magistrales de piano con Joseph Mardon, Jes\u00fas Manuel Mart\u00ednez Romero, \u00c1ngel Climent, Jes\u00fas Maria G\u00f3mez Rodr\u00edguez y Brenno Ambrosini, entre otros.&nbsp;<\/p>\n\n\n\n<p>Ampl\u00eda sus estudios con cursos de Direcci\u00f3n Coral, cursos de Pedagog\u00eda Pian\u00edstica y cursos sobre Musicoterapia.&nbsp;<\/p>\n\n\n\n<p>Ha trabajado como profesora de Piano en la Escuela de M\u00fasica Uni\u00f3 Art\u00edstica Musical de Vilamarxant, en el British College de la Canyada, en la Escuela Municipal San Juan Bautista de Loriguilla y en la Escuela de M\u00fasica Santa Cecilia del Grao. Adem\u00e1s es la pianista acompa\u00f1ante de la Coral Ren\u00e0ixer y la Escuela Coral Ren\u00e0ixer de Vilamarxant.<\/p>\n<\/div><\/div>\n","protected":false},"excerpt":{"rendered":"<p>Isabel Barea Gil&nbsp; Profesora de Piano\u00a0 Inicia sus estudios en la Escuela de M\u00fasica Uni\u00f3 Art\u00edstica M\u00fasical de Vilamarxant, y contin\u00faa las ense\u00f1anzas profesionales en el Conservatorio de Riba-Roja del T\u00faria, al tiempo que se grad\u00faa por la Universidad de Val\u00e8ncia en el grado de Estudios Hisp\u00e1nicos. Actualmente se encuentra cursando el \u00faltimo curso del&hellip; <br \/> <a class=\"button small blue\" href=\"http:\/\/santaceciliadelgrao.com\/?page_id=2639\">Read more<\/a><\/p>\n","protected":false},"author":1,"featured_media":0,"parent":0,"menu_order":0,"comment_status":"closed","ping_status":"closed","template":"","meta":{"footnotes":""},"class_list":["post-2639","page","type-page","status-publish","hentry"],"_links":{"self":[{"href":"http:\/\/santaceciliadelgrao.com\/index.php?rest_route=\/wp\/v2\/pages\/2639","targetHints":{"allow":["GET"]}}],"collection":[{"href":"http:\/\/santaceciliadelgrao.com\/index.php?rest_route=\/wp\/v2\/pages"}],"about":[{"href":"http:\/\/santaceciliadelgrao.com\/index.php?rest_route=\/wp\/v2\/types\/page"}],"author":[{"embeddable":true,"href":"http:\/\/santaceciliadelgrao.com\/index.php?rest_route=\/wp\/v2\/users\/1"}],"replies":[{"embeddable":true,"href":"http:\/\/santaceciliadelgrao.com\/index.php?rest_route=%2Fwp%2Fv2%2Fcomments&post=2639"}],"version-history":[{"count":1,"href":"http:\/\/santaceciliadelgrao.com\/index.php?rest_route=\/wp\/v2\/pages\/2639\/revisions"}],"predecessor-version":[{"id":2640,"href":"http:\/\/santaceciliadelgrao.com\/index.php?rest_route=\/wp\/v2\/pages\/2639\/revisions\/2640"}],"wp:attachment":[{"href":"http:\/\/santaceciliadelgrao.com\/index.php?rest_route=%2Fwp%2Fv2%2Fmedia&parent=2639"}],"curies":[{"name":"wp","href":"https:\/\/api.w.org\/{rel}","templated":true}]}}