{"id":2636,"date":"2022-12-28T11:09:46","date_gmt":"2022-12-28T11:09:46","guid":{"rendered":"http:\/\/santaceciliadelgrao.com\/?page_id=2636"},"modified":"2022-12-28T11:09:47","modified_gmt":"2022-12-28T11:09:47","slug":"2636-2","status":"publish","type":"page","link":"http:\/\/santaceciliadelgrao.com\/?page_id=2636","title":{"rendered":""},"content":{"rendered":"\n<p><strong>Isabel Barea Gil&nbsp;<\/strong><\/p>\n\n\n\n<p><em>Professora de Piano&nbsp;<\/em><\/p>\n\n\n\n<p class=\"has-text-align-left\"><\/p>\n\n\n\n<div class=\"wp-block-media-text alignwide is-stacked-on-mobile\" style=\"grid-template-columns:23% auto\"><figure class=\"wp-block-media-text__media\"><img loading=\"lazy\" decoding=\"async\" width=\"111\" height=\"159\" src=\"http:\/\/santaceciliadelgrao.com\/wp-content\/uploads\/2022\/11\/Isabel-Barea.png\" alt=\"\" class=\"wp-image-2512 size-full\"\/><\/figure><div class=\"wp-block-media-text__content\">\n<p>Inicia els seus estudis a l&#8217;Escola de M\u00fasica Uni\u00f3 Art\u00edstica M\u00fasical de Vilamarxant, i continua els ensenyaments professionals en el Conservatori de Riba-Roja del T\u00faria, al mateix temps que es gradua per la Universitat de Val\u00e8ncia en el grau d&#8217;Estudis Hisp\u00e0nics. Actualment es troba cursant l&#8217;\u00faltim curs del conservatori superior en l&#8217;especialitat d&#8217;Interpretaci\u00f3 Pian\u00edstica a Alacant.&nbsp;<\/p>\n\n\n\n<p>Durant aquest temps, realitza classes magistrals de piano amb Joseph Mardon, Jes\u00fas Manuel Mart\u00ednez Romero, \u00c1ngel Climent, Jes\u00fas Maria G\u00f3mez Rodr\u00edguez i Brenno Ambrosini, entre d\u2019altres.&nbsp;<\/p>\n\n\n\n<p>Amplia els seus estudis amb cursos de Direcci\u00f3 Coral, cursos de Pedagogia Pian\u00edstica i cursos sobre Musicoter\u00e0pia.&nbsp;<\/p>\n\n\n\n<p>Ha treballat com a professora de Piano a l&#8217;Escola de M\u00fasica Uni\u00f3 Art\u00edstica Musical de Vilamarxant, en el British College de la Canyada, a l&#8217;Escola Municipal San Juan Bautista de Loriguilla i a l&#8217;Escola de M\u00fasica Santa Cec\u00edlia del Grau. A m\u00e9s \u00e9s la pianista acompanyant de la Coral Ren\u00e0ixer i Escola Coral Ren\u00e0ixer de Vilamarxant.<\/p>\n<\/div><\/div>\n","protected":false},"excerpt":{"rendered":"<p>Isabel Barea Gil&nbsp; Professora de Piano&nbsp; Inicia els seus estudis a l&#8217;Escola de M\u00fasica Uni\u00f3 Art\u00edstica M\u00fasical de Vilamarxant, i continua els ensenyaments professionals en el Conservatori de Riba-Roja del T\u00faria, al mateix temps que es gradua per la Universitat de Val\u00e8ncia en el grau d&#8217;Estudis Hisp\u00e0nics. Actualment es troba cursant l&#8217;\u00faltim curs del conservatori&hellip; <br \/> <a class=\"button small blue\" href=\"http:\/\/santaceciliadelgrao.com\/?page_id=2636\">Read more<\/a><\/p>\n","protected":false},"author":1,"featured_media":0,"parent":0,"menu_order":0,"comment_status":"closed","ping_status":"closed","template":"","meta":{"footnotes":""},"class_list":["post-2636","page","type-page","status-publish","hentry"],"_links":{"self":[{"href":"http:\/\/santaceciliadelgrao.com\/index.php?rest_route=\/wp\/v2\/pages\/2636","targetHints":{"allow":["GET"]}}],"collection":[{"href":"http:\/\/santaceciliadelgrao.com\/index.php?rest_route=\/wp\/v2\/pages"}],"about":[{"href":"http:\/\/santaceciliadelgrao.com\/index.php?rest_route=\/wp\/v2\/types\/page"}],"author":[{"embeddable":true,"href":"http:\/\/santaceciliadelgrao.com\/index.php?rest_route=\/wp\/v2\/users\/1"}],"replies":[{"embeddable":true,"href":"http:\/\/santaceciliadelgrao.com\/index.php?rest_route=%2Fwp%2Fv2%2Fcomments&post=2636"}],"version-history":[{"count":1,"href":"http:\/\/santaceciliadelgrao.com\/index.php?rest_route=\/wp\/v2\/pages\/2636\/revisions"}],"predecessor-version":[{"id":2637,"href":"http:\/\/santaceciliadelgrao.com\/index.php?rest_route=\/wp\/v2\/pages\/2636\/revisions\/2637"}],"wp:attachment":[{"href":"http:\/\/santaceciliadelgrao.com\/index.php?rest_route=%2Fwp%2Fv2%2Fmedia&parent=2636"}],"curies":[{"name":"wp","href":"https:\/\/api.w.org\/{rel}","templated":true}]}}