{"id":2563,"date":"2022-11-17T12:53:50","date_gmt":"2022-11-17T12:53:50","guid":{"rendered":"http:\/\/santaceciliadelgrao.com\/?page_id=2563"},"modified":"2022-11-17T12:53:51","modified_gmt":"2022-11-17T12:53:51","slug":"2563-2","status":"publish","type":"page","link":"http:\/\/santaceciliadelgrao.com\/?page_id=2563","title":{"rendered":""},"content":{"rendered":"\n<p><strong>Paula Arbaiza Balaguer&nbsp;<\/strong><\/p>\n\n\n\n<p><em>Profesora de M\u00fasica y Movimiento<\/em><\/p>\n\n\n\n<p class=\"has-text-align-left\"><\/p>\n\n\n\n<div class=\"wp-block-media-text alignwide is-stacked-on-mobile\" style=\"grid-template-columns:19% auto\"><figure class=\"wp-block-media-text__media\"><img loading=\"lazy\" decoding=\"async\" width=\"152\" height=\"210\" src=\"http:\/\/santaceciliadelgrao.com\/wp-content\/uploads\/2022\/11\/Paula-Arbaiza.jpg\" alt=\"\" class=\"wp-image-2523 size-full\"\/><\/figure><div class=\"wp-block-media-text__content\">\n<p>Inicia sus estudios musicales en el Conservatorio Jos\u00e9\u00a0Iturbi a la edad de 10 a\u00f1os en la especialidad de saxof\u00f3n. M\u00e1s tarde\u00a0\u00a0realiza las pruebas de acceso y cambia de especialidad a canto.\u00a0<\/p>\n\n\n\n<p>Desde los 11 a\u00f1os hasta los 21 ha sido cantante en la Coral\u00a0Juan Bautista Comes de Val\u00e8ncia, y ha actuado en\u00a0eventos musicales importantes como la Missa d\u2019Infants.\u00a0<\/p>\n\n\n\n<p>Tambi\u00e9n ha participado en musicales de la mano de la directora\u00a0Cristina Contreras y el pianista acompa\u00f1ante Josep Manel\u00a0Campos, como en <em>Los Miserables<\/em>, <em>El Rey Le\u00f3n<\/em>,\u00a0<em>Mamma Mia<\/em>, entre otros.\u00a0<\/p>\n\n\n\n<p>Desde 2018 hasta 2022 ha estado cursando el grado de Magisterio en Educaci\u00f3n Primaria, concretamente en la especialidad de m\u00fasica.<\/p>\n<\/div><\/div>\n","protected":false},"excerpt":{"rendered":"<p>Paula Arbaiza Balaguer&nbsp; Profesora de M\u00fasica y Movimiento Inicia sus estudios musicales en el Conservatorio Jos\u00e9\u00a0Iturbi a la edad de 10 a\u00f1os en la especialidad de saxof\u00f3n. M\u00e1s tarde\u00a0\u00a0realiza las pruebas de acceso y cambia de especialidad a canto.\u00a0 Desde los 11 a\u00f1os hasta los 21 ha sido cantante en la Coral\u00a0Juan Bautista Comes de&hellip; <br \/> <a class=\"button small blue\" href=\"http:\/\/santaceciliadelgrao.com\/?page_id=2563\">Read more<\/a><\/p>\n","protected":false},"author":1,"featured_media":0,"parent":0,"menu_order":0,"comment_status":"closed","ping_status":"closed","template":"","meta":{"footnotes":""},"class_list":["post-2563","page","type-page","status-publish","hentry"],"_links":{"self":[{"href":"http:\/\/santaceciliadelgrao.com\/index.php?rest_route=\/wp\/v2\/pages\/2563","targetHints":{"allow":["GET"]}}],"collection":[{"href":"http:\/\/santaceciliadelgrao.com\/index.php?rest_route=\/wp\/v2\/pages"}],"about":[{"href":"http:\/\/santaceciliadelgrao.com\/index.php?rest_route=\/wp\/v2\/types\/page"}],"author":[{"embeddable":true,"href":"http:\/\/santaceciliadelgrao.com\/index.php?rest_route=\/wp\/v2\/users\/1"}],"replies":[{"embeddable":true,"href":"http:\/\/santaceciliadelgrao.com\/index.php?rest_route=%2Fwp%2Fv2%2Fcomments&post=2563"}],"version-history":[{"count":1,"href":"http:\/\/santaceciliadelgrao.com\/index.php?rest_route=\/wp\/v2\/pages\/2563\/revisions"}],"predecessor-version":[{"id":2564,"href":"http:\/\/santaceciliadelgrao.com\/index.php?rest_route=\/wp\/v2\/pages\/2563\/revisions\/2564"}],"wp:attachment":[{"href":"http:\/\/santaceciliadelgrao.com\/index.php?rest_route=%2Fwp%2Fv2%2Fmedia&parent=2563"}],"curies":[{"name":"wp","href":"https:\/\/api.w.org\/{rel}","templated":true}]}}