{"id":1101,"date":"2022-03-14T18:01:40","date_gmt":"2022-03-14T18:01:40","guid":{"rendered":"http:\/\/santaceciliadelgrao.com\/?page_id=1101"},"modified":"2024-03-20T12:40:03","modified_gmt":"2024-03-20T12:40:03","slug":"junta-directiva","status":"publish","type":"page","link":"http:\/\/santaceciliadelgrao.com\/?page_id=1101","title":{"rendered":"Junta Directiva"},"content":{"rendered":"<h4 style=\"text-align: center;\">Actualment la Junta Directiva de l&#8217;agrupaci\u00f3 la formem els socis i les s\u00f2cies seg\u00fcents:<\/h4>\n\n\n<div class=\"wp-block-columns is-layout-flex wp-container-core-columns-is-layout-9d6595d7 wp-block-columns-is-layout-flex\">\n<div class=\"wp-block-column is-layout-flow wp-block-column-is-layout-flow\">\n<p style=\"text-align: center;\">Vicente Aleixos Tello<\/p>\n<p style=\"text-align: center;\">President<\/p>\n<p><img loading=\"lazy\" decoding=\"async\" class=\"wp-image-1276 aligncenter\" src=\"http:\/\/santaceciliadelgrao.com\/wp-content\/uploads\/2022\/03\/Vte.Aleixos.png\" alt=\"\" width=\"139\" height=\"217\" srcset=\"http:\/\/santaceciliadelgrao.com\/wp-content\/uploads\/2022\/03\/Vte.Aleixos.png 242w, http:\/\/santaceciliadelgrao.com\/wp-content\/uploads\/2022\/03\/Vte.Aleixos-193x300.png 193w\" sizes=\"auto, (max-width: 139px) 100vw, 139px\" \/><\/p>\n<\/div>\n\n\n\n<div class=\"wp-block-column is-layout-flow wp-block-column-is-layout-flow\">\n<p style=\"text-align: center;\">Mari Carmen Llobregat Vicedo<\/p>\n<p style=\"text-align: center;\">Vicepresidenta<\/p>\n<p><img loading=\"lazy\" decoding=\"async\" class=\"wp-image-1257 aligncenter\" src=\"http:\/\/santaceciliadelgrao.com\/wp-content\/uploads\/2022\/03\/Mari-Carmen.jpeg\" alt=\"\" width=\"133\" height=\"214\" srcset=\"http:\/\/santaceciliadelgrao.com\/wp-content\/uploads\/2022\/03\/Mari-Carmen.jpeg 701w, http:\/\/santaceciliadelgrao.com\/wp-content\/uploads\/2022\/03\/Mari-Carmen-186x300.jpeg 186w, http:\/\/santaceciliadelgrao.com\/wp-content\/uploads\/2022\/03\/Mari-Carmen-635x1024.jpeg 635w, http:\/\/santaceciliadelgrao.com\/wp-content\/uploads\/2022\/03\/Mari-Carmen-669x1080.jpeg 669w\" sizes=\"auto, (max-width: 133px) 100vw, 133px\" \/><\/p>\n<\/div>\n\n\n\n<div class=\"wp-block-column is-layout-flow wp-block-column-is-layout-flow\">\n<p style=\"text-align: center;\">Vicent Clemente C\u00edscar<\/p>\n<p style=\"text-align: center;\">Secretari<\/p>\n<p><img loading=\"lazy\" decoding=\"async\" class=\"wp-image-1266 aligncenter\" src=\"http:\/\/santaceciliadelgrao.com\/wp-content\/uploads\/2022\/03\/Vicent-Clemente.png\" alt=\"\" width=\"138\" height=\"213\" srcset=\"http:\/\/santaceciliadelgrao.com\/wp-content\/uploads\/2022\/03\/Vicent-Clemente.png 309w, http:\/\/santaceciliadelgrao.com\/wp-content\/uploads\/2022\/03\/Vicent-Clemente-194x300.png 194w\" sizes=\"auto, (max-width: 138px) 100vw, 138px\" \/><\/p>\n<\/div>\n\n\n\n<div class=\"wp-block-column is-layout-flow wp-block-column-is-layout-flow\">\n<p style=\"text-align: center;\">Silvia Blanes Garc\u00eda<\/p>\n<p style=\"text-align: center;\">Tresorera<\/p>\n<p><img loading=\"lazy\" decoding=\"async\" class=\"wp-image-1264 aligncenter\" src=\"http:\/\/santaceciliadelgrao.com\/wp-content\/uploads\/2022\/03\/Susi-1.png\" alt=\"\" width=\"150\" height=\"217\" srcset=\"http:\/\/santaceciliadelgrao.com\/wp-content\/uploads\/2022\/03\/Susi-1.png 379w, http:\/\/santaceciliadelgrao.com\/wp-content\/uploads\/2022\/03\/Susi-1-207x300.png 207w\" sizes=\"auto, (max-width: 150px) 100vw, 150px\" \/><\/p>\n<\/div>\n<\/div>\n\n\n\n<div class=\"wp-block-columns is-layout-flex wp-container-core-columns-is-layout-9d6595d7 wp-block-columns-is-layout-flex\">\n<div class=\"wp-block-column is-layout-flow wp-block-column-is-layout-flow\">\n<p class=\"has-text-align-center\">Eva M. Fayos Blanes<\/p>\n\n\n\n<p class=\"has-text-align-center\">Vocal i ajustadora<\/p>\n\n\n<div class=\"wp-block-image\">\n<figure class=\"aligncenter size-full is-resized\"><img loading=\"lazy\" decoding=\"async\" width=\"626\" height=\"927\" src=\"http:\/\/santaceciliadelgrao.com\/wp-content\/uploads\/2022\/03\/Eva.png\" alt=\"\" class=\"wp-image-1259\" style=\"width:152px;height:224px\" srcset=\"http:\/\/santaceciliadelgrao.com\/wp-content\/uploads\/2022\/03\/Eva.png 626w, http:\/\/santaceciliadelgrao.com\/wp-content\/uploads\/2022\/03\/Eva-203x300.png 203w\" sizes=\"auto, (max-width: 626px) 100vw, 626px\" \/><\/figure>\n<\/div><\/div>\n\n\n\n<div class=\"wp-block-column is-layout-flow wp-block-column-is-layout-flow\">\n<p class=\"has-text-align-center\">Ascensi\u00f3n Valero Garc\u00eda<\/p>\n\n\n\n<p class=\"has-text-align-center\">Vocal i delegada del cor<\/p>\n\n\n<div class=\"wp-block-image\">\n<figure class=\"aligncenter size-full is-resized\"><img loading=\"lazy\" decoding=\"async\" width=\"293\" height=\"422\" src=\"http:\/\/santaceciliadelgrao.com\/wp-content\/uploads\/2022\/03\/Susi.png\" alt=\"\" class=\"wp-image-1258\" style=\"width:158px;height:226px\" srcset=\"http:\/\/santaceciliadelgrao.com\/wp-content\/uploads\/2022\/03\/Susi.png 293w, http:\/\/santaceciliadelgrao.com\/wp-content\/uploads\/2022\/03\/Susi-208x300.png 208w\" sizes=\"auto, (max-width: 293px) 100vw, 293px\" \/><\/figure>\n<\/div><\/div>\n\n\n\n<div class=\"wp-block-column is-layout-flow wp-block-column-is-layout-flow\">\n<p style=\"text-align: center;\">Pilar Carril Avil\u00e9s<\/p>\n<p style=\"text-align: center;\">Vocal i delegada banda escolar<\/p>\n<p><img loading=\"lazy\" decoding=\"async\" class=\"wp-image-1905 aligncenter\" src=\"http:\/\/santaceciliadelgrao.com\/wp-content\/uploads\/2022\/09\/WhatsApp-Image-2022-09-16-at-09.57.47.jpeg\" alt=\"\" width=\"149\" height=\"232\" srcset=\"http:\/\/santaceciliadelgrao.com\/wp-content\/uploads\/2022\/09\/WhatsApp-Image-2022-09-16-at-09.57.47.jpeg 322w, http:\/\/santaceciliadelgrao.com\/wp-content\/uploads\/2022\/09\/WhatsApp-Image-2022-09-16-at-09.57.47-192x300.jpeg 192w\" sizes=\"auto, (max-width: 149px) 100vw, 149px\" \/><\/p>\n<\/div>\n<\/div>\n\n\n\n<div class=\"wp-block-columns is-layout-flex wp-container-core-columns-is-layout-9d6595d7 wp-block-columns-is-layout-flex\">\n<div class=\"wp-block-column is-layout-flow wp-block-column-is-layout-flow\"><\/div>\n<\/div>\n\n\n\n<div class=\"wp-block-columns is-layout-flex wp-container-core-columns-is-layout-9d6595d7 wp-block-columns-is-layout-flex\">\n<div class=\"wp-block-column is-layout-flow wp-block-column-is-layout-flow\"><\/div>\n\n\n\n<div class=\"wp-block-column is-layout-flow wp-block-column-is-layout-flow\"><\/div>\n\n\n\n<div class=\"wp-block-column is-layout-flow wp-block-column-is-layout-flow\"><\/div>\n<\/div>\n\n\n<h4 style=\"text-align: center;\">Tamb\u00e9 col\u00b7laboren amb nosaltres:<\/h4>\n\n\n<div class=\"wp-block-columns is-layout-flex wp-container-core-columns-is-layout-9d6595d7 wp-block-columns-is-layout-flex\">\n<div class=\"wp-block-column is-layout-flow wp-block-column-is-layout-flow\">\n<p style=\"text-align: center;\">Claudia Mart\u00ednez Gonz\u00e1lez<\/p>\n<p style=\"text-align: center;\">Gestora de xarxes socials<\/p>\n<p><img loading=\"lazy\" decoding=\"async\" class=\" wp-image-1271 aligncenter\" src=\"http:\/\/santaceciliadelgrao.com\/wp-content\/uploads\/2022\/03\/Claudia.png\" alt=\"\" width=\"120\" height=\"217\" srcset=\"http:\/\/santaceciliadelgrao.com\/wp-content\/uploads\/2022\/03\/Claudia.png 271w, http:\/\/santaceciliadelgrao.com\/wp-content\/uploads\/2022\/03\/Claudia-166x300.png 166w\" sizes=\"auto, (max-width: 120px) 100vw, 120px\" \/><\/p>\n<\/div>\n\n\n\n<div class=\"wp-block-column is-layout-flow wp-block-column-is-layout-flow\">\n<p style=\"text-align: center;\">Teresa Chac\u00f3n Fern\u00e1ndez<\/p>\n<p style=\"text-align: center;\">Lloc web<\/p>\n\n\n<div class=\"wp-block-image\">\n<figure class=\"aligncenter size-full is-resized\"><img loading=\"lazy\" decoding=\"async\" width=\"353\" height=\"495\" src=\"http:\/\/santaceciliadelgrao.com\/wp-content\/uploads\/2024\/03\/20240308_201346.jpg\" alt=\"\" class=\"wp-image-3538\" style=\"width:151px;height:auto\" srcset=\"http:\/\/santaceciliadelgrao.com\/wp-content\/uploads\/2024\/03\/20240308_201346.jpg 353w, http:\/\/santaceciliadelgrao.com\/wp-content\/uploads\/2024\/03\/20240308_201346-214x300.jpg 214w\" sizes=\"auto, (max-width: 353px) 100vw, 353px\" \/><\/figure>\n<\/div><\/div>\n\n\n\n<div class=\"wp-block-column is-layout-flow wp-block-column-is-layout-flow\">\n<p style=\"text-align: center;\">Ximo Calatayud Llobregat<\/p>\n<p style=\"text-align: center;\">Arxiver<\/p>\n<p><img loading=\"lazy\" decoding=\"async\" class=\"wp-image-1737 aligncenter\" src=\"http:\/\/santaceciliadelgrao.com\/wp-content\/uploads\/2022\/06\/Ximo.jpeg\" alt=\"\" width=\"117\" height=\"211\" srcset=\"http:\/\/santaceciliadelgrao.com\/wp-content\/uploads\/2022\/06\/Ximo.jpeg 271w, http:\/\/santaceciliadelgrao.com\/wp-content\/uploads\/2022\/06\/Ximo-167x300.jpeg 167w\" sizes=\"auto, (max-width: 117px) 100vw, 117px\" \/><\/p>\n<\/div>\n<\/div>\n\n\n\n<div class=\"wp-block-columns is-layout-flex wp-container-core-columns-is-layout-9d6595d7 wp-block-columns-is-layout-flex\">\n<div class=\"wp-block-column is-layout-flow wp-block-column-is-layout-flow\"><\/div>\n\n\n\n<div class=\"wp-block-column is-layout-flow wp-block-column-is-layout-flow\"><\/div>\n<\/div>\n","protected":false},"excerpt":{"rendered":"<p>Actualment la Junta Directiva de l&#8217;agrupaci\u00f3 la formem els socis i les s\u00f2cies seg\u00fcents: Vicente Aleixos Tello President Mari Carmen Llobregat Vicedo Vicepresidenta Vicent Clemente C\u00edscar Secretari Silvia Blanes Garc\u00eda Tresorera Eva M. Fayos Blanes Vocal i ajustadora Ascensi\u00f3n Valero Garc\u00eda Vocal i delegada del cor Pilar Carril Avil\u00e9s Vocal i delegada banda escolar Tamb\u00e9&hellip; <br \/> <a class=\"button small blue\" href=\"http:\/\/santaceciliadelgrao.com\/?page_id=1101\">Read more<\/a><\/p>\n","protected":false},"author":1,"featured_media":0,"parent":0,"menu_order":0,"comment_status":"closed","ping_status":"closed","template":"","meta":{"footnotes":""},"class_list":["post-1101","page","type-page","status-publish","hentry"],"_links":{"self":[{"href":"http:\/\/santaceciliadelgrao.com\/index.php?rest_route=\/wp\/v2\/pages\/1101","targetHints":{"allow":["GET"]}}],"collection":[{"href":"http:\/\/santaceciliadelgrao.com\/index.php?rest_route=\/wp\/v2\/pages"}],"about":[{"href":"http:\/\/santaceciliadelgrao.com\/index.php?rest_route=\/wp\/v2\/types\/page"}],"author":[{"embeddable":true,"href":"http:\/\/santaceciliadelgrao.com\/index.php?rest_route=\/wp\/v2\/users\/1"}],"replies":[{"embeddable":true,"href":"http:\/\/santaceciliadelgrao.com\/index.php?rest_route=%2Fwp%2Fv2%2Fcomments&post=1101"}],"version-history":[{"count":19,"href":"http:\/\/santaceciliadelgrao.com\/index.php?rest_route=\/wp\/v2\/pages\/1101\/revisions"}],"predecessor-version":[{"id":3543,"href":"http:\/\/santaceciliadelgrao.com\/index.php?rest_route=\/wp\/v2\/pages\/1101\/revisions\/3543"}],"wp:attachment":[{"href":"http:\/\/santaceciliadelgrao.com\/index.php?rest_route=%2Fwp%2Fv2%2Fmedia&parent=1101"}],"curies":[{"name":"wp","href":"https:\/\/api.w.org\/{rel}","templated":true}]}}